{"id":2590,"date":"2022-09-21T13:02:00","date_gmt":"2022-09-21T16:02:00","guid":{"rendered":"https:\/\/skytour.com.ar\/escola-de-parapente-mendoza\/"},"modified":"2026-01-21T13:38:15","modified_gmt":"2026-01-21T16:38:15","slug":"escola-de-parapente-mendoza","status":"publish","type":"page","link":"https:\/\/skytour.com.ar\/pt-br\/escola-de-parapente-mendoza\/","title":{"rendered":"Escola de Parapente Mendoza"},"content":{"rendered":"\t\t<div data-elementor-type=\"wp-page\" data-elementor-id=\"2590\" class=\"elementor elementor-2590 elementor-1438\" data-elementor-post-type=\"page\">\n\t\t\t\t\t\t<section class=\"elementor-section elementor-top-section elementor-element elementor-element-c8a6ceb elementor-section-full_width elementor-section-height-min-height elementor-section-items-stretch elementor-section-height-default\" data-id=\"c8a6ceb\" data-element_type=\"section\" data-e-type=\"section\">\n\t\t\t\t\t\t<div class=\"elementor-container elementor-column-gap-default\">\n\t\t\t\t\t<div class=\"elementor-column elementor-col-100 elementor-top-column elementor-element elementor-element-5aa9bad\" data-id=\"5aa9bad\" data-element_type=\"column\" data-e-type=\"column\">\n\t\t\t<div class=\"elementor-widget-wrap elementor-element-populated\">\n\t\t\t\t\t\t<div class=\"elementor-element elementor-element-71a796b elementor--h-position-center elementor--v-position-middle elementor-arrows-position-inside elementor-pagination-position-inside elementor-widget elementor-widget-slides\" data-id=\"71a796b\" data-element_type=\"widget\" data-e-type=\"widget\" data-settings=\"{&quot;navigation&quot;:&quot;both&quot;,&quot;autoplay&quot;:&quot;yes&quot;,&quot;pause_on_hover&quot;:&quot;yes&quot;,&quot;pause_on_interaction&quot;:&quot;yes&quot;,&quot;autoplay_speed&quot;:5000,&quot;infinite&quot;:&quot;yes&quot;,&quot;transition&quot;:&quot;slide&quot;,&quot;transition_speed&quot;:500}\" data-widget_type=\"slides.default\">\n\t\t\t\t<div class=\"elementor-widget-container\">\n\t\t\t\t\t\t\t\t\t<div class=\"elementor-swiper\">\n\t\t\t\t\t<div class=\"elementor-slides-wrapper elementor-main-swiper swiper\" role=\"region\" aria-roledescription=\"carousel\" aria-label=\"Diapositivas\" dir=\"ltr\" data-animation=\"fadeInUp\">\n\t\t\t\t<div class=\"swiper-wrapper elementor-slides\">\n\t\t\t\t\t\t\t\t\t\t<div class=\"elementor-repeater-item-d4f621c swiper-slide\" role=\"group\" aria-roledescription=\"slide\"><div class=\"swiper-slide-bg elementor-ken-burns elementor-ken-burns--in\" role=\"img\" aria-label=\"3\"><\/div><div class=\"swiper-slide-inner\" ><div class=\"swiper-slide-contents\"><div class=\"elementor-slide-heading\">Curso de inicia\u00e7\u00e3o ao parapente de montanha<\/div><\/div><\/div><\/div><div class=\"elementor-repeater-item-35ea9a9 swiper-slide\" role=\"group\" aria-roledescription=\"slide\"><div class=\"swiper-slide-bg elementor-ken-burns elementor-ken-burns--in\" role=\"img\" aria-label=\"1\"><\/div><div class=\"swiper-slide-inner\" ><div class=\"swiper-slide-contents\"><div class=\"elementor-slide-heading\">Curso de inicia\u00e7\u00e3o ao parapente de montanha<\/div><\/div><\/div><\/div><div class=\"elementor-repeater-item-1f83da6 swiper-slide\" role=\"group\" aria-roledescription=\"slide\"><div class=\"swiper-slide-bg elementor-ken-burns elementor-ken-burns--in\" role=\"img\" aria-label=\"2\"><\/div><div class=\"swiper-slide-inner\" ><div class=\"swiper-slide-contents\"><div class=\"elementor-slide-heading\">Curso de inicia\u00e7\u00e3o ao parapente de montanha<\/div><\/div><\/div><\/div>\t\t\t\t<\/div>\n\t\t\t\t\t\t\t\t\t\t\t\t\t\t\t<div class=\"elementor-swiper-button elementor-swiper-button-prev\" role=\"button\" tabindex=\"0\" aria-label=\"Slide anterior\">\n\t\t\t\t\t\t\t<i aria-hidden=\"true\" class=\"eicon-chevron-left\"><\/i>\t\t\t\t\t\t<\/div>\n\t\t\t\t\t\t<div class=\"elementor-swiper-button elementor-swiper-button-next\" role=\"button\" tabindex=\"0\" aria-label=\"Pr\u00f3ximo slide\">\n\t\t\t\t\t\t\t<i aria-hidden=\"true\" class=\"eicon-chevron-right\"><\/i>\t\t\t\t\t\t<\/div>\n\t\t\t\t\t\t\t\t\t\t\t\t\t\t\t\t<div class=\"swiper-pagination\"><\/div>\n\t\t\t\t\t\t\t\t\t\t\t\t<\/div>\n\t\t\t\t<\/div>\n\t\t\t\t\t\t\t\t<\/div>\n\t\t\t\t<\/div>\n\t\t\t\t\t<\/div>\n\t\t<\/div>\n\t\t\t\t\t<\/div>\n\t\t<\/section>\n\t\t\t\t<section class=\"elementor-section elementor-top-section elementor-element elementor-element-bbcc8c8 elementor-section-height-min-height elementor-section-boxed elementor-section-height-default elementor-section-items-middle\" data-id=\"bbcc8c8\" data-element_type=\"section\" data-e-type=\"section\">\n\t\t\t\t\t\t<div class=\"elementor-container elementor-column-gap-default\">\n\t\t\t\t\t<div class=\"elementor-column elementor-col-100 elementor-top-column elementor-element elementor-element-ebdca05\" data-id=\"ebdca05\" data-element_type=\"column\" data-e-type=\"column\">\n\t\t\t<div class=\"elementor-widget-wrap elementor-element-populated\">\n\t\t\t\t\t\t<div class=\"elementor-element elementor-element-ef3ac90 elementor-widget elementor-widget-text-editor\" data-id=\"ef3ac90\" data-element_type=\"widget\" data-e-type=\"widget\" data-widget_type=\"text-editor.default\">\n\t\t\t\t<div class=\"elementor-widget-container\">\n\t\t\t\t\t\t\t\t\t<p>O aluno que concluir o curso estar\u00e1 apto a decolar, voar e pousar com seguran\u00e7a em nosso local de voo. Para isso, o aluno deve adquirir conhecimentos de diversos temas relacionados ao parapente. Esses conhecimentos s\u00e3o divididos nos seguintes t\u00edtulos: Meteorologia, Aerologia, Aerodin\u00e2mica, T\u00e9cnicas de Voo, Equipamentos, Regula\u00e7\u00e3o. Todas essas \u00e1reas ter\u00e3o como principal objetivo que o piloto tenha a capacidade de desfrutar da pr\u00e1tica de voo da forma mais segura poss\u00edvel. A escola procurar\u00e1 sempre adaptar-se aos regulamentos e exig\u00eancias da FAVL em termos de instru\u00e7\u00e3o em particular e regulamentos de voo em geral.  <\/p>\t\t\t\t\t\t\t\t<\/div>\n\t\t\t\t<\/div>\n\t\t\t\t\t<\/div>\n\t\t<\/div>\n\t\t\t\t\t<\/div>\n\t\t<\/section>\n\t\t\t\t<section class=\"elementor-section elementor-top-section elementor-element elementor-element-29f87a61 elementor-section-height-min-height elementor-section-boxed elementor-section-height-default elementor-section-items-middle\" data-id=\"29f87a61\" data-element_type=\"section\" data-e-type=\"section\" data-settings=\"{&quot;background_background&quot;:&quot;classic&quot;}\">\n\t\t\t\t\t\t\t<div class=\"elementor-background-overlay\"><\/div>\n\t\t\t\t\t\t\t<div class=\"elementor-container elementor-column-gap-default\">\n\t\t\t\t\t<div class=\"elementor-column elementor-col-100 elementor-top-column elementor-element elementor-element-7c4fa75b\" data-id=\"7c4fa75b\" data-element_type=\"column\" data-e-type=\"column\">\n\t\t\t<div class=\"elementor-widget-wrap elementor-element-populated\">\n\t\t\t\t\t\t<div class=\"elementor-element elementor-element-199ac380 elementor-widget elementor-widget-menu-anchor\" data-id=\"199ac380\" data-element_type=\"widget\" data-e-type=\"widget\" data-widget_type=\"menu-anchor.default\">\n\t\t\t\t<div class=\"elementor-widget-container\">\n\t\t\t\t\t\t\t<div class=\"elementor-menu-anchor\" id=\"Pessoal\"><\/div>\n\t\t\t\t\t\t<\/div>\n\t\t\t\t<\/div>\n\t\t\t\t<div class=\"elementor-element elementor-element-58e7199 elementor-widget elementor-widget-heading\" data-id=\"58e7199\" data-element_type=\"widget\" data-e-type=\"widget\" data-widget_type=\"heading.default\">\n\t\t\t\t<div class=\"elementor-widget-container\">\n\t\t\t\t\t<h2 class=\"elementor-heading-title elementor-size-default\">Funcion\u00e1rios<\/h2>\t\t\t\t<\/div>\n\t\t\t\t<\/div>\n\t\t\t\t<div class=\"elementor-element elementor-element-9cc204b elementor-widget elementor-widget-text-editor\" data-id=\"9cc204b\" data-element_type=\"widget\" data-e-type=\"widget\" data-widget_type=\"text-editor.default\">\n\t\t\t\t<div class=\"elementor-widget-container\">\n\t\t\t\t\t\t\t\t\t<p>A equipe de trabalho \u00e9 composta pelo Instrutor Eduardo Roveres (Lic. FAVL N\u00b0 126) que tamb\u00e9m ocupar\u00e1 o cargo de Diretor, e pelos pilotos monitores Juan Pablo Sela (Lic FAVL N\u00b0 872), Emiliano Chaher (Lic FAVL N\u00b0 763) e Alejandro Montes de Oca (Lic. FAVL N\u00b0 374).<\/p>\t\t\t\t\t\t\t\t<\/div>\n\t\t\t\t<\/div>\n\t\t\t\t<section class=\"elementor-section elementor-inner-section elementor-element elementor-element-5c9d1f57 elementor-section-boxed elementor-section-height-default elementor-section-height-default\" data-id=\"5c9d1f57\" data-element_type=\"section\" data-e-type=\"section\">\n\t\t\t\t\t\t<div class=\"elementor-container elementor-column-gap-default\">\n\t\t\t\t\t<div class=\"elementor-column elementor-col-33 elementor-inner-column elementor-element elementor-element-26155cbf\" data-id=\"26155cbf\" data-element_type=\"column\" data-e-type=\"column\" data-settings=\"{&quot;background_background&quot;:&quot;classic&quot;}\">\n\t\t\t<div class=\"elementor-widget-wrap elementor-element-populated\">\n\t\t\t\t\t\t<div class=\"elementor-element elementor-element-3d5e5c62 elementor-position-top elementor-widget elementor-widget-image-box\" data-id=\"3d5e5c62\" data-element_type=\"widget\" data-e-type=\"widget\" data-widget_type=\"image-box.default\">\n\t\t\t\t<div class=\"elementor-widget-container\">\n\t\t\t\t\t<div class=\"elementor-image-box-wrapper\"><figure class=\"elementor-image-box-img\"><img fetchpriority=\"high\" decoding=\"async\" width=\"2560\" height=\"2560\" src=\"https:\/\/skytour.com.ar\/wp-content\/uploads\/2022\/08\/IMG_5525-scaled.jpg\" class=\"elementor-animation-grow attachment-full size-full wp-image-1375\" alt=\"\" srcset=\"https:\/\/skytour.com.ar\/wp-content\/uploads\/2022\/08\/IMG_5525-scaled.jpg 2560w, https:\/\/skytour.com.ar\/wp-content\/uploads\/2022\/08\/IMG_5525-300x300.jpg 300w, https:\/\/skytour.com.ar\/wp-content\/uploads\/2022\/08\/IMG_5525-1024x1024.jpg 1024w, https:\/\/skytour.com.ar\/wp-content\/uploads\/2022\/08\/IMG_5525-150x150.jpg 150w, https:\/\/skytour.com.ar\/wp-content\/uploads\/2022\/08\/IMG_5525-768x768.jpg 768w, https:\/\/skytour.com.ar\/wp-content\/uploads\/2022\/08\/IMG_5525-1536x1536.jpg 1536w, https:\/\/skytour.com.ar\/wp-content\/uploads\/2022\/08\/IMG_5525-2048x2048.jpg 2048w, https:\/\/skytour.com.ar\/wp-content\/uploads\/2022\/08\/IMG_5525-600x600.jpg 600w, https:\/\/skytour.com.ar\/wp-content\/uploads\/2022\/08\/IMG_5525-100x100.jpg 100w\" sizes=\"(max-width: 2560px) 100vw, 2560px\" \/><\/figure><div class=\"elementor-image-box-content\"><h3 class=\"elementor-image-box-title\">Juan Pablo<\/h3><p class=\"elementor-image-box-description\">Licen\u00e7a n\u00ba: ARG 07 00872 <br>N\u00edvel: 5 Instrutor <br>Federaci\u00f3n Arg. voo livre<\/p><\/div><\/div>\t\t\t\t<\/div>\n\t\t\t\t<\/div>\n\t\t\t\t<div class=\"elementor-element elementor-element-7891e173 elementor-align-center elementor-widget elementor-widget-button\" data-id=\"7891e173\" data-element_type=\"widget\" data-e-type=\"widget\" data-widget_type=\"button.default\">\n\t\t\t\t<div class=\"elementor-widget-container\">\n\t\t\t\t\t\t\t\t\t<div class=\"elementor-button-wrapper\">\n\t\t\t\t\t<a class=\"elementor-button elementor-button-link elementor-size-sm elementor-animation-grow\" href=\"#elementor-action%3Aaction%3Dpopup%3Aopen%26settings%3DeyJpZCI6ODQ3LCJ0b2dnbGUiOmZhbHNlfQ%3D%3D\">\n\t\t\t\t\t\t<span class=\"elementor-button-content-wrapper\">\n\t\t\t\t\t\t\t\t\t<span class=\"elementor-button-text\">Ver Licen\u00e7a<\/span>\n\t\t\t\t\t<\/span>\n\t\t\t\t\t<\/a>\n\t\t\t\t<\/div>\n\t\t\t\t\t\t\t\t<\/div>\n\t\t\t\t<\/div>\n\t\t\t\t\t<\/div>\n\t\t<\/div>\n\t\t\t\t<div class=\"elementor-column elementor-col-33 elementor-inner-column elementor-element elementor-element-2b71a89\" data-id=\"2b71a89\" data-element_type=\"column\" data-e-type=\"column\" data-settings=\"{&quot;background_background&quot;:&quot;classic&quot;}\">\n\t\t\t<div class=\"elementor-widget-wrap elementor-element-populated\">\n\t\t\t\t\t\t<div class=\"elementor-element elementor-element-7c6671c2 elementor-position-top elementor-widget elementor-widget-image-box\" data-id=\"7c6671c2\" data-element_type=\"widget\" data-e-type=\"widget\" data-widget_type=\"image-box.default\">\n\t\t\t\t<div class=\"elementor-widget-container\">\n\t\t\t\t\t<div class=\"elementor-image-box-wrapper\"><figure class=\"elementor-image-box-img\"><img decoding=\"async\" width=\"1156\" height=\"1156\" src=\"https:\/\/skytour.com.ar\/wp-content\/uploads\/2022\/06\/20220301_174947-1.jpg\" class=\"elementor-animation-grow attachment-full size-full wp-image-636\" alt=\"\" srcset=\"https:\/\/skytour.com.ar\/wp-content\/uploads\/2022\/06\/20220301_174947-1.jpg 1156w, https:\/\/skytour.com.ar\/wp-content\/uploads\/2022\/06\/20220301_174947-1-300x300.jpg 300w, https:\/\/skytour.com.ar\/wp-content\/uploads\/2022\/06\/20220301_174947-1-1024x1024.jpg 1024w, https:\/\/skytour.com.ar\/wp-content\/uploads\/2022\/06\/20220301_174947-1-150x150.jpg 150w, https:\/\/skytour.com.ar\/wp-content\/uploads\/2022\/06\/20220301_174947-1-768x768.jpg 768w, https:\/\/skytour.com.ar\/wp-content\/uploads\/2022\/06\/20220301_174947-1-600x600.jpg 600w, https:\/\/skytour.com.ar\/wp-content\/uploads\/2022\/06\/20220301_174947-1-100x100.jpg 100w\" sizes=\"(max-width: 1156px) 100vw, 1156px\" \/><\/figure><div class=\"elementor-image-box-content\"><h3 class=\"elementor-image-box-title\">Eduardo<\/h3><p class=\"elementor-image-box-description\">Licen\u00e7a n\u00ba: ARG 07 00126<br>N\u00edvel: 5 Instrutor <br>Federaci\u00f3n Arg. voo livre<\/p><\/div><\/div>\t\t\t\t<\/div>\n\t\t\t\t<\/div>\n\t\t\t\t<div class=\"elementor-element elementor-element-3d25ac14 elementor-align-center elementor-widget elementor-widget-button\" data-id=\"3d25ac14\" data-element_type=\"widget\" data-e-type=\"widget\" data-widget_type=\"button.default\">\n\t\t\t\t<div class=\"elementor-widget-container\">\n\t\t\t\t\t\t\t\t\t<div class=\"elementor-button-wrapper\">\n\t\t\t\t\t<a class=\"elementor-button elementor-button-link elementor-size-sm elementor-animation-grow\" href=\"#elementor-action%3Aaction%3Dpopup%3Aopen%26settings%3DeyJpZCI6ODU1LCJ0b2dnbGUiOmZhbHNlfQ%3D%3D\">\n\t\t\t\t\t\t<span class=\"elementor-button-content-wrapper\">\n\t\t\t\t\t\t\t\t\t<span class=\"elementor-button-text\">Ver Licen\u00e7a<\/span>\n\t\t\t\t\t<\/span>\n\t\t\t\t\t<\/a>\n\t\t\t\t<\/div>\n\t\t\t\t\t\t\t\t<\/div>\n\t\t\t\t<\/div>\n\t\t\t\t\t<\/div>\n\t\t<\/div>\n\t\t\t\t<div class=\"elementor-column elementor-col-33 elementor-inner-column elementor-element elementor-element-5bf2cee3\" data-id=\"5bf2cee3\" data-element_type=\"column\" data-e-type=\"column\" data-settings=\"{&quot;background_background&quot;:&quot;classic&quot;}\">\n\t\t\t<div class=\"elementor-widget-wrap elementor-element-populated\">\n\t\t\t\t\t\t<div class=\"elementor-element elementor-element-739eed3c elementor-position-top elementor-widget elementor-widget-image-box\" data-id=\"739eed3c\" data-element_type=\"widget\" data-e-type=\"widget\" data-widget_type=\"image-box.default\">\n\t\t\t\t<div class=\"elementor-widget-container\">\n\t\t\t\t\t<div class=\"elementor-image-box-wrapper\"><figure class=\"elementor-image-box-img\"><img decoding=\"async\" width=\"835\" height=\"757\" src=\"https:\/\/skytour.com.ar\/wp-content\/uploads\/2024\/04\/WhatsApp-Image-2024-04-07-at-22.41.58-e1712546990599.jpeg\" class=\"elementor-animation-grow attachment-full size-full wp-image-4007\" alt=\"\" \/><\/figure><div class=\"elementor-image-box-content\"><h3 class=\"elementor-image-box-title\">Emiliano<\/h3><p class=\"elementor-image-box-description\">Licen\u00e7a n\u00ba: ARG 07 00763 <br>N\u00edvel: 4 - Assistente <br>Federaci\u00f3n Arg. voo livre<\/p><\/div><\/div>\t\t\t\t<\/div>\n\t\t\t\t<\/div>\n\t\t\t\t<div class=\"elementor-element elementor-element-37f332fb elementor-align-center elementor-widget elementor-widget-button\" data-id=\"37f332fb\" data-element_type=\"widget\" data-e-type=\"widget\" data-widget_type=\"button.default\">\n\t\t\t\t<div class=\"elementor-widget-container\">\n\t\t\t\t\t\t\t\t\t<div class=\"elementor-button-wrapper\">\n\t\t\t\t\t<a class=\"elementor-button elementor-button-link elementor-size-sm elementor-animation-grow\" href=\"#elementor-action%3Aaction%3Dpopup%3Aopen%26settings%3DeyJpZCI6ODUzLCJ0b2dnbGUiOmZhbHNlfQ%3D%3D\">\n\t\t\t\t\t\t<span class=\"elementor-button-content-wrapper\">\n\t\t\t\t\t\t\t\t\t<span class=\"elementor-button-text\">Ver Licen\u00e7a<\/span>\n\t\t\t\t\t<\/span>\n\t\t\t\t\t<\/a>\n\t\t\t\t<\/div>\n\t\t\t\t\t\t\t\t<\/div>\n\t\t\t\t<\/div>\n\t\t\t\t\t<\/div>\n\t\t<\/div>\n\t\t\t\t\t<\/div>\n\t\t<\/section>\n\t\t\t\t\t<\/div>\n\t\t<\/div>\n\t\t\t\t\t<\/div>\n\t\t<\/section>\n\t\t\t\t<section class=\"elementor-section elementor-top-section elementor-element elementor-element-26c8eab elementor-section-boxed elementor-section-height-default elementor-section-height-default\" data-id=\"26c8eab\" data-element_type=\"section\" data-e-type=\"section\">\n\t\t\t\t\t\t<div class=\"elementor-container elementor-column-gap-default\">\n\t\t\t\t\t<div class=\"elementor-column elementor-col-100 elementor-top-column elementor-element elementor-element-ad8af21\" data-id=\"ad8af21\" data-element_type=\"column\" data-e-type=\"column\">\n\t\t\t<div class=\"elementor-widget-wrap elementor-element-populated\">\n\t\t\t\t\t\t<div class=\"elementor-element elementor-element-5c4f10c elementor-widget elementor-widget-heading\" data-id=\"5c4f10c\" data-element_type=\"widget\" data-e-type=\"widget\" data-widget_type=\"heading.default\">\n\t\t\t\t<div class=\"elementor-widget-container\">\n\t\t\t\t\t<h2 class=\"elementor-heading-title elementor-size-default\">Lugar<\/h2>\t\t\t\t<\/div>\n\t\t\t\t<\/div>\n\t\t\t\t<div class=\"elementor-element elementor-element-dd06dd7 elementor-widget elementor-widget-text-editor\" data-id=\"dd06dd7\" data-element_type=\"widget\" data-e-type=\"widget\" data-widget_type=\"text-editor.default\">\n\t\t\t\t<div class=\"elementor-widget-container\">\n\t\t\t\t\t\t\t\t\t<p><strong>Aulas Pr\u00e1ticas:<\/strong><br>As pr\u00e1ticas iniciais de infla\u00e7\u00e3o e controle do parapente ocorrer\u00e3o no pouso base da escola, localizada em El Challao, Mendoza.<\/p>\t\t\t\t\t\t\t\t<\/div>\n\t\t\t\t<\/div>\n\t\t\t\t<div class=\"elementor-element elementor-element-f21727e elementor-widget elementor-widget-google_maps\" data-id=\"f21727e\" data-element_type=\"widget\" data-e-type=\"widget\" data-widget_type=\"google_maps.default\">\n\t\t\t\t<div class=\"elementor-widget-container\">\n\t\t\t\t\t\t\t<div class=\"elementor-custom-embed\">\n\t\t\t<iframe loading=\"lazy\"\n\t\t\t\t\tsrc=\"https:\/\/maps.google.com\/maps?q=Parapente%20Mendoza%20SkyTour.com.ar&#038;t=m&#038;z=15&#038;output=embed&#038;iwloc=near\"\n\t\t\t\t\ttitle=\"Parapente Mendoza SkyTour.com.ar\"\n\t\t\t\t\taria-label=\"Parapente Mendoza SkyTour.com.ar\"\n\t\t\t><\/iframe>\n\t\t<\/div>\n\t\t\t\t\t\t<\/div>\n\t\t\t\t<\/div>\n\t\t\t\t<div class=\"elementor-element elementor-element-f3c1d5e elementor-widget elementor-widget-text-editor\" data-id=\"f3c1d5e\" data-element_type=\"widget\" data-e-type=\"widget\" data-widget_type=\"text-editor.default\">\n\t\t\t\t<div class=\"elementor-widget-container\">\n\t\t\t\t\t\t\t\t\t<p>\u00c0s vezes, essas pr\u00e1ticas podem ser realizadas em outro local que atenda aos requisitos aerol\u00f3gicos para a pr\u00e1tica. Os primeiros voos seriam feitos em morros baixos (morro da escola) para praticar decolagem e pouso. Os primeiros voos de altura ser\u00e3o feitos a partir da decolagem do Cerro Arco Free Flight Club, localizado no Cerro Arco<\/p>\t\t\t\t\t\t\t\t<\/div>\n\t\t\t\t<\/div>\n\t\t\t\t<div class=\"elementor-element elementor-element-5d36afb elementor-widget elementor-widget-google_maps\" data-id=\"5d36afb\" data-element_type=\"widget\" data-e-type=\"widget\" data-widget_type=\"google_maps.default\">\n\t\t\t\t<div class=\"elementor-widget-container\">\n\t\t\t\t\t\t\t<div class=\"elementor-custom-embed\">\n\t\t\t<iframe loading=\"lazy\"\n\t\t\t\t\tsrc=\"https:\/\/maps.google.com\/maps?q=cerro%20arco%20mirador&#038;t=m&#038;z=15&#038;output=embed&#038;iwloc=near\"\n\t\t\t\t\ttitle=\"cerro arco mirador\"\n\t\t\t\t\taria-label=\"cerro arco mirador\"\n\t\t\t><\/iframe>\n\t\t<\/div>\n\t\t\t\t\t\t<\/div>\n\t\t\t\t<\/div>\n\t\t\t\t<div class=\"elementor-element elementor-element-00585d5 elementor-widget elementor-widget-text-editor\" data-id=\"00585d5\" data-element_type=\"widget\" data-e-type=\"widget\" data-widget_type=\"text-editor.default\">\n\t\t\t\t<div class=\"elementor-widget-container\">\n\t\t\t\t\t\t\t\t\t<p><strong>Aulas Te\u00f3ricas:<\/strong><br>A teoria ser\u00e1 ensinada na base de desembarque da escola, que possui instala\u00e7\u00f5es fechadas e aquecidas e banheiros; assim como com os correspondentes elementos pedag\u00f3gicos para o ensino te\u00f3rico. Estrutura e metodologia do curso<\/p>\t\t\t\t\t\t\t\t<\/div>\n\t\t\t\t<\/div>\n\t\t\t\t<div class=\"elementor-element elementor-element-5cd5cc9 elementor-widget elementor-widget-heading\" data-id=\"5cd5cc9\" data-element_type=\"widget\" data-e-type=\"widget\" data-widget_type=\"heading.default\">\n\t\t\t\t<div class=\"elementor-widget-container\">\n\t\t\t\t\t<h2 class=\"elementor-heading-title elementor-size-default\">Estrutura e metodologia do curso<\/h2>\t\t\t\t<\/div>\n\t\t\t\t<\/div>\n\t\t\t\t<div class=\"elementor-element elementor-element-a7365b1 elementor-widget elementor-widget-text-editor\" data-id=\"a7365b1\" data-element_type=\"widget\" data-e-type=\"widget\" data-widget_type=\"text-editor.default\">\n\t\t\t\t<div class=\"elementor-widget-container\">\n\t\t\t\t\t\t\t\t\t<p>O curso est\u00e1 dividido nos seguintes t\u00f3picos:<\/p><ul><li><strong>Teoria:<\/strong><\/li><\/ul><p style=\"padding-left: 40px;\">Meteorologia, Aerologia, Aerodin\u00e2mica, T\u00e9cnicas de voo, Equipamentos, Regula\u00e7\u00e3o (geral da pr\u00e1tica de voo livre e particular da FAVL). Cada um deles ser\u00e1 abordado te\u00f3rica e praticamente.<\/p><p> <\/p><ul><li><strong>Pr\u00e1tica no Solo:<\/strong><br>A instru\u00e7\u00e3o pr\u00e1tica em solo consiste principalmente no reconhecimento do equipamento de voo, suas partes e fun\u00e7\u00f5es. Em segundo lugar, o reconhecimento de indicadores meteorol\u00f3gicos e aerol\u00f3gicos para uma pr\u00e1tica correcta no terreno. Em terceiro lugar, ser\u00e3o ensinadas as diferentes t\u00e9cnicas de infla\u00e7\u00e3o de parapente, controle de decolagem e simula\u00e7\u00e3o de pouso.<\/li><\/ul><p> <\/p><ul><li><strong>Pr\u00e1tica de voo:<\/strong><br>Os primeiros treinos de voo ser\u00e3o realizados em voos em tandem acompanhados pelo instrutor, come\u00e7ando com o primeiro contato com a experi\u00eancia de voo, al\u00e9m de no\u00e7\u00f5es b\u00e1sicas de t\u00e9cnicas de voo e um reconhecimento do local de voo. Em sucessivos voos em tandem, ser\u00e3o praticadas t\u00e9cnicas de decolagem, voo e pouso antes vistas na teoria. Nestes voos, ser\u00e1 tamb\u00e9m dada \u00eanfase ao reconhecimento das condi\u00e7\u00f5es meteorol\u00f3gicas e aerol\u00f3gicas do local de voo, bem como \u00e0 verifica\u00e7\u00e3o dos equipamentos pr\u00e9-voo e ao cumprimento das regras de voo. A pr\u00e1tica do voo solo ter\u00e1 in\u00edcio quando o instrutor considerar que o aluno alcan\u00e7ou dom\u00ednio pr\u00e1tico e te\u00f3rico suficiente de infla\u00e7\u00e3o, decolagem, voo e pouso. Os primeiros voos nesta modalidade ser\u00e3o feitos a partir de morros ou encostas de baixa altitude sob a supervis\u00e3o do instrutor. Por fim, ser\u00e3o 10 voos solo a partir da decolagem oficial do CVLCA. Esses voos ser\u00e3o supervisionados e assistidos pelo instrutor e seus assistentes que se comunicar\u00e3o via r\u00e1dios VHF com o aluno durante o voo. Uma vez que esses 10-12 voos s\u00e3o feitos, o curso de inicia\u00e7\u00e3o ao parapente \u00e9 considerado conclu\u00eddo. Depois disso, o aluno estar\u00e1 apto a realizar voos de altitude de n\u00edvel b\u00e1sico, reconhecendo as condi\u00e7\u00f5es clim\u00e1ticas adequadas para esse tipo de voo e respeitando as regras de voo. Voc\u00ea tamb\u00e9m ser\u00e1 capaz de entender a manuten\u00e7\u00e3o adequada e as caracter\u00edsticas que seu equipamento de voo requer para a pr\u00e1tica segura. Este curso fornece uma base de conhecimento necess\u00e1ria para o avan\u00e7o do piloto que lhe permite realizar voos de n\u00edvel avan\u00e7ado e intermedi\u00e1rio.  <\/li><\/ul>\t\t\t\t\t\t\t\t<\/div>\n\t\t\t\t<\/div>\n\t\t\t\t<div class=\"elementor-element elementor-element-d35c0dd elementor-widget elementor-widget-heading\" data-id=\"d35c0dd\" data-element_type=\"widget\" data-e-type=\"widget\" data-widget_type=\"heading.default\">\n\t\t\t\t<div class=\"elementor-widget-container\">\n\t\t\t\t\t<h2 class=\"elementor-heading-title elementor-size-default\">Equipamento  <\/h2>\t\t\t\t<\/div>\n\t\t\t\t<\/div>\n\t\t\t\t<div class=\"elementor-element elementor-element-be0fcc5 elementor-widget elementor-widget-text-editor\" data-id=\"be0fcc5\" data-element_type=\"widget\" data-e-type=\"widget\" data-widget_type=\"text-editor.default\">\n\t\t\t\t<div class=\"elementor-widget-container\">\n\t\t\t\t\t\t\t\t\t<p>A escola fornecer\u00e1 equipamentos adequados para o ensino. Tamb\u00e9m ser\u00e1 prestada assessoria aos alunos na aquisi\u00e7\u00e3o de equipamentos em bom estado.  <\/p>\t\t\t\t\t\t\t\t<\/div>\n\t\t\t\t<\/div>\n\t\t\t\t<div class=\"elementor-element elementor-element-51e5f18 elementor-widget elementor-widget-heading\" data-id=\"51e5f18\" data-element_type=\"widget\" data-e-type=\"widget\" data-widget_type=\"heading.default\">\n\t\t\t\t<div class=\"elementor-widget-container\">\n\t\t\t\t\t<h2 class=\"elementor-heading-title elementor-size-default\">Seguro  \n<\/h2>\t\t\t\t<\/div>\n\t\t\t\t<\/div>\n\t\t\t\t<div class=\"elementor-element elementor-element-9e35efa elementor-widget elementor-widget-text-editor\" data-id=\"9e35efa\" data-element_type=\"widget\" data-e-type=\"widget\" data-widget_type=\"text-editor.default\">\n\t\t\t\t<div class=\"elementor-widget-container\">\n\t\t\t\t\t\t\t\t\t<p>Os alunos da escola ter\u00e3o seguro de responsabilidade civil contra terceiros e seguro de despesas m\u00e9dicas por acidentes.<\/p>\t\t\t\t\t\t\t\t<\/div>\n\t\t\t\t<\/div>\n\t\t\t\t\t<\/div>\n\t\t<\/div>\n\t\t\t\t\t<\/div>\n\t\t<\/section>\n\t\t\t\t<section class=\"elementor-section elementor-top-section elementor-element elementor-element-3b4e08a elementor-section-boxed elementor-section-height-default elementor-section-height-default\" data-id=\"3b4e08a\" data-element_type=\"section\" data-e-type=\"section\" data-settings=\"{&quot;background_background&quot;:&quot;classic&quot;}\">\n\t\t\t\t\t\t<div class=\"elementor-container elementor-column-gap-default\">\n\t\t\t\t\t<div class=\"elementor-column elementor-col-100 elementor-top-column elementor-element elementor-element-4376489\" data-id=\"4376489\" data-element_type=\"column\" data-e-type=\"column\">\n\t\t\t<div class=\"elementor-widget-wrap elementor-element-populated\">\n\t\t\t\t\t\t<div class=\"elementor-element elementor-element-311a9aa elementor-widget elementor-widget-heading\" data-id=\"311a9aa\" data-element_type=\"widget\" data-e-type=\"widget\" data-widget_type=\"heading.default\">\n\t\t\t\t<div class=\"elementor-widget-container\">\n\t\t\t\t\t<h2 class=\"elementor-heading-title elementor-size-default\">Programa de trabalho  <\/h2>\t\t\t\t<\/div>\n\t\t\t\t<\/div>\n\t\t\t\t<div class=\"elementor-element elementor-element-ed6956e elementor-widget elementor-widget-heading\" data-id=\"ed6956e\" data-element_type=\"widget\" data-e-type=\"widget\" data-widget_type=\"heading.default\">\n\t\t\t\t<div class=\"elementor-widget-container\">\n\t\t\t\t\t<h2 class=\"elementor-heading-title elementor-size-default\">  Teoria  \n<\/h2>\t\t\t\t<\/div>\n\t\t\t\t<\/div>\n\t\t\t\t<div class=\"elementor-element elementor-element-66b6c3e elementor-widget elementor-widget-text-editor\" data-id=\"66b6c3e\" data-element_type=\"widget\" data-e-type=\"widget\" data-widget_type=\"text-editor.default\">\n\t\t\t\t<div class=\"elementor-widget-container\">\n\t\t\t\t\t\t\t\t\t<ul><li>Per\u00edodo de infla\u00e7\u00e3o e voos curtos:<ul><li>3 aulas:<\/li><\/ul><\/li><\/ul><ol><li style=\"list-style-type: none;\"><ol><li style=\"list-style-type: none;\"><ol><li>Pe\u00e7as de equipamentos de parapente, insufla\u00e7\u00e3o, classifica\u00e7\u00e3o de parapentes.<\/li><li><i>  Aerodin\u00e2mica geral, aerodin\u00e2mica de parapente.<\/i><i><\/i><\/li><li>Meteorologia geral, meteorologia aplicada ao parapente, aerologia.<\/li><\/ol><\/li><\/ol><\/li><\/ol><ul><li>Per\u00edodo dos primeiros 5 voos<ul><li>2 aulas:<ol><li>T\u00e9cnicas de decolagem, voo e pouso.<\/li><li>Regras da estrada em voo, regulamentos FAVL, seguran\u00e7a (limites de parapente, configura\u00e7\u00f5es, parapente em voo, identifica\u00e7\u00e3o e resolu\u00e7\u00e3o de situa\u00e7\u00f5es de emerg\u00eancia, uso de paraquedas de emerg\u00eancia.)<\/li><\/ol><\/li><\/ul><\/li><\/ul><ul><li>Per\u00edodo: \u00faltimos 5 voos<ul><li>2 aulas<ol><li>T\u00e9cnicas de voo em Din\u00e2mica.<\/li><li>Introdu\u00e7\u00e3o ao voo t\u00e9rmico.<\/li><\/ol><\/li><\/ul><\/li><\/ul>\t\t\t\t\t\t\t\t<\/div>\n\t\t\t\t<\/div>\n\t\t\t\t<div class=\"elementor-element elementor-element-a053a0b elementor-widget elementor-widget-heading\" data-id=\"a053a0b\" data-element_type=\"widget\" data-e-type=\"widget\" data-widget_type=\"heading.default\">\n\t\t\t\t<div class=\"elementor-widget-container\">\n\t\t\t\t\t<h2 class=\"elementor-heading-title elementor-size-default\">  Pr\u00e1tica  <\/h2>\t\t\t\t<\/div>\n\t\t\t\t<\/div>\n\t\t\t\t<div class=\"elementor-element elementor-element-b86a1d8 elementor-widget elementor-widget-text-editor\" data-id=\"b86a1d8\" data-element_type=\"widget\" data-e-type=\"widget\" data-widget_type=\"text-editor.default\">\n\t\t\t\t<div class=\"elementor-widget-container\">\n\t\t\t\t\t\t\t\t\t<ol><li>Infla\u00e7\u00e3o e voos curtos (10 sess\u00f5es com o instrutor).<\/li><li>  3 voos de instru\u00e7\u00e3o em tandem.<\/li><li>Voos individuais assistidos (10-12 voos de assist\u00eancia).<\/li><\/ol>\t\t\t\t\t\t\t\t<\/div>\n\t\t\t\t<\/div>\n\t\t\t\t\t<\/div>\n\t\t<\/div>\n\t\t\t\t\t<\/div>\n\t\t<\/section>\n\t\t\t\t<section class=\"elementor-section elementor-top-section elementor-element elementor-element-30264b69 elementor-section-height-min-height elementor-section-boxed elementor-section-height-default elementor-section-items-middle\" data-id=\"30264b69\" data-element_type=\"section\" data-e-type=\"section\" data-settings=\"{&quot;background_background&quot;:&quot;classic&quot;}\">\n\t\t\t\t\t\t\t<div class=\"elementor-background-overlay\"><\/div>\n\t\t\t\t\t\t\t<div class=\"elementor-container elementor-column-gap-default\">\n\t\t\t\t\t<div class=\"elementor-column elementor-col-100 elementor-top-column elementor-element elementor-element-6c60398f\" data-id=\"6c60398f\" data-element_type=\"column\" data-e-type=\"column\">\n\t\t\t<div class=\"elementor-widget-wrap elementor-element-populated\">\n\t\t\t\t\t\t<div class=\"elementor-element elementor-element-1dbdf502 elementor-widget elementor-widget-menu-anchor\" data-id=\"1dbdf502\" data-element_type=\"widget\" data-e-type=\"widget\" data-widget_type=\"menu-anchor.default\">\n\t\t\t\t<div class=\"elementor-widget-container\">\n\t\t\t\t\t\t\t<div class=\"elementor-menu-anchor\" id=\"batismo\"><\/div>\n\t\t\t\t\t\t<\/div>\n\t\t\t\t<\/div>\n\t\t\t\t<section class=\"elementor-section elementor-inner-section elementor-element elementor-element-36ed593f elementor-section-boxed elementor-section-height-default elementor-section-height-default\" data-id=\"36ed593f\" data-element_type=\"section\" data-e-type=\"section\">\n\t\t\t\t\t\t<div class=\"elementor-container elementor-column-gap-default\">\n\t\t\t\t\t<div class=\"elementor-column elementor-col-100 elementor-inner-column elementor-element elementor-element-3f37f786\" data-id=\"3f37f786\" data-element_type=\"column\" data-e-type=\"column\">\n\t\t\t<div class=\"elementor-widget-wrap elementor-element-populated\">\n\t\t\t\t\t\t<div class=\"elementor-element elementor-element-34fa05ef elementor-widget elementor-widget-price-table\" data-id=\"34fa05ef\" data-element_type=\"widget\" data-e-type=\"widget\" data-widget_type=\"price-table.default\">\n\t\t\t\t<div class=\"elementor-widget-container\">\n\t\t\t\t\t\n\t\t<div class=\"elementor-price-table\">\n\t\t\t\t\t\t\t<div class=\"elementor-price-table__header\">\n\t\t\t\t\t\t\t\t\t\t\t<h3 class=\"elementor-price-table__heading\">\n\t\t\t\t\t\tEST\u00c1GIO 1\t\t\t\t\t\t<\/h3>\n\t\t\t\t\t\n\t\t\t\t\t\t\t\t\t<\/div>\n\t\t\t\n\t\t\t<div class=\"elementor-price-table__price\">\n\t\t\t\t\t\t\t\t<span class=\"elementor-price-table__currency\">&#036;<\/span>\t\t\t\t\t\t\t\t\t<span class=\"elementor-price-table__integer-part\">\n\t\t\t\t\t\t140.000\t\t\t\t\t<\/span>\n\t\t\t\t\n\t\t\t\t\n\t\t\t\t\n\t\t\t\t\t\t\t<\/div>\n\n\t\t\t\t\t\t\t<ul class=\"elementor-price-table__features-list\">\n\t\t\t\t\t\t\t\t\t\t\t<li class=\"elementor-repeater-item-0cf2dfb\">\n\t\t\t\t\t\t\t<div class=\"elementor-price-table__feature-inner\">\n\t\t\t\t\t\t\t\t<i aria-hidden=\"true\" class=\"far fa-check-circle\"><\/i>\t\t\t\t\t\t\t\t\t\t\t\t\t\t\t\t\t<span >\n\t\t\t\t\t\t\t\t\t\t1 voo de instru\u00e7\u00e3o\t\t\t\t\t\t\t\t\t<\/span>\n\t\t\t\t\t\t\t\t\t\t\t\t\t\t\t\t<\/div>\n\t\t\t\t\t\t<\/li>\n\t\t\t\t\t\t\t\t\t\t\t<li class=\"elementor-repeater-item-e810338\">\n\t\t\t\t\t\t\t<div class=\"elementor-price-table__feature-inner\">\n\t\t\t\t\t\t\t\t<i aria-hidden=\"true\" class=\"far fa-check-circle\"><\/i>\t\t\t\t\t\t\t\t\t\t\t\t\t\t\t\t\t<span >\n\t\t\t\t\t\t\t\t\t\t1 aula pr\u00e1tica (parapente inflado)\t\t\t\t\t\t\t\t\t<\/span>\n\t\t\t\t\t\t\t\t\t\t\t\t\t\t\t\t<\/div>\n\t\t\t\t\t\t<\/li>\n\t\t\t\t\t\t\t\t\t\t\t<li class=\"elementor-repeater-item-0d0d6bd\">\n\t\t\t\t\t\t\t<div class=\"elementor-price-table__feature-inner\">\n\t\t\t\t\t\t\t\t<i aria-hidden=\"true\" class=\"far fa-check-circle\"><\/i>\t\t\t\t\t\t\t\t\t\t\t\t\t\t\t\t\t<span >\n\t\t\t\t\t\t\t\t\t\t1 aula te\u00f3rica  \t\t\t\t\t\t\t\t\t<\/span>\n\t\t\t\t\t\t\t\t\t\t\t\t\t\t\t\t<\/div>\n\t\t\t\t\t\t<\/li>\n\t\t\t\t\t\t\t\t\t<\/ul>\n\t\t\t\n\t\t\t\t\t\t\t<div class=\"elementor-price-table__footer\">\n\t\t\t\t\t\t\t\t\t\t\t<a class=\"elementor-price-table__button elementor-button elementor-size-md elementor-animation-grow\" href=\"https:\/\/wa.me\/5492612555550\" target=\"_blank\">\n\t\t\t\t\t\t\tAPRENDA A VOAR\t\t\t\t\t\t<\/a>\n\t\t\t\t\t\n\t\t\t\t\t\t\t\t\t\t\t<div class=\"elementor-price-table__additional_info\">\n\t\t\t\t\t\t\t10% de desconto em pagar em dinheiro\t\t\t\t\t\t<\/div>\n\t\t\t\t\t\t\t\t\t<\/div>\n\t\t\t\t\t<\/div>\n\n\t\t\t\t\t\t<\/div>\n\t\t\t\t<\/div>\n\t\t\t\t\t<\/div>\n\t\t<\/div>\n\t\t\t\t\t<\/div>\n\t\t<\/section>\n\t\t\t\t\t<\/div>\n\t\t<\/div>\n\t\t\t\t\t<\/div>\n\t\t<\/section>\n\t\t\t\t<\/div>\n\t\t","protected":false},"excerpt":{"rendered":"<p>Curso de inicia\u00e7\u00e3o ao parapente de montanhaCurso de inicia\u00e7\u00e3o ao parapente de montanhaCurso de inicia\u00e7\u00e3o ao parapente de montanha O aluno que concluir o curso estar\u00e1 apto a decolar, voar e pousar com seguran\u00e7a em nosso local de voo. Para isso, o aluno deve adquirir conhecimentos de diversos temas relacionados ao parapente. Esses conhecimentos s\u00e3o [&hellip;]<\/p>\n","protected":false},"author":1,"featured_media":0,"parent":0,"menu_order":0,"comment_status":"closed","ping_status":"closed","template":"","meta":{"_joinchat":[],"footnotes":""},"class_list":["post-2590","page","type-page","status-publish","hentry"],"yoast_head":"<!-- This site is optimized with the Yoast SEO Premium plugin v18.5 (Yoast SEO v27.4) - https:\/\/yoast.com\/product\/yoast-seo-premium-wordpress\/ -->\n<title>Escola de Parapente Mendoza - Sky Tour - Parapente<\/title>\n<meta name=\"description\" content=\"Parapente en Mendoza\" \/>\n<meta name=\"robots\" content=\"index, follow, max-snippet:-1, max-image-preview:large, max-video-preview:-1\" \/>\n<link rel=\"canonical\" href=\"https:\/\/skytour.com.ar\/pt-br\/escola-de-parapente-mendoza\/\" \/>\n<meta property=\"og:locale\" content=\"pt_BR\" \/>\n<meta property=\"og:type\" content=\"article\" \/>\n<meta property=\"og:title\" content=\"Escola de Parapente Mendoza\" \/>\n<meta property=\"og:description\" content=\"Parapente en Mendoza\" \/>\n<meta property=\"og:url\" content=\"https:\/\/skytour.com.ar\/pt-br\/escola-de-parapente-mendoza\/\" \/>\n<meta property=\"og:site_name\" content=\"Sky Tour - Parapente\" \/>\n<meta property=\"article:publisher\" content=\"https:\/\/www.facebook.com\/skytour.com.ar\" \/>\n<meta property=\"article:modified_time\" content=\"2026-01-21T16:38:15+00:00\" \/>\n<meta property=\"og:image\" content=\"https:\/\/skytour.com.ar\/wp-content\/uploads\/2022\/08\/IMG_5525-scaled.jpg\" \/>\n\t<meta property=\"og:image:width\" content=\"2560\" \/>\n\t<meta property=\"og:image:height\" content=\"2560\" \/>\n\t<meta property=\"og:image:type\" content=\"image\/jpeg\" \/>\n<meta name=\"twitter:card\" content=\"summary_large_image\" \/>\n<meta name=\"twitter:label1\" content=\"Est. tempo de leitura\" \/>\n\t<meta name=\"twitter:data1\" content=\"5 minutos\" \/>\n<script type=\"application\/ld+json\" class=\"yoast-schema-graph\">{\"@context\":\"https:\\\/\\\/schema.org\",\"@graph\":[{\"@type\":\"WebPage\",\"@id\":\"https:\\\/\\\/skytour.com.ar\\\/pt-br\\\/escola-de-parapente-mendoza\\\/\",\"url\":\"https:\\\/\\\/skytour.com.ar\\\/pt-br\\\/escola-de-parapente-mendoza\\\/\",\"name\":\"Escola de Parapente Mendoza - Sky Tour - Parapente\",\"isPartOf\":{\"@id\":\"https:\\\/\\\/skytour.com.ar\\\/pt-br\\\/#website\"},\"primaryImageOfPage\":{\"@id\":\"https:\\\/\\\/skytour.com.ar\\\/pt-br\\\/escola-de-parapente-mendoza\\\/#primaryimage\"},\"image\":{\"@id\":\"https:\\\/\\\/skytour.com.ar\\\/pt-br\\\/escola-de-parapente-mendoza\\\/#primaryimage\"},\"thumbnailUrl\":\"https:\\\/\\\/skytour.com.ar\\\/wp-content\\\/uploads\\\/2022\\\/08\\\/IMG_5525-scaled.jpg\",\"datePublished\":\"2022-09-21T16:02:00+00:00\",\"dateModified\":\"2026-01-21T16:38:15+00:00\",\"description\":\"Parapente en Mendoza\",\"breadcrumb\":{\"@id\":\"https:\\\/\\\/skytour.com.ar\\\/pt-br\\\/escola-de-parapente-mendoza\\\/#breadcrumb\"},\"inLanguage\":\"pt-BR\",\"potentialAction\":[{\"@type\":\"ReadAction\",\"target\":[\"https:\\\/\\\/skytour.com.ar\\\/pt-br\\\/escola-de-parapente-mendoza\\\/\"]}]},{\"@type\":\"ImageObject\",\"inLanguage\":\"pt-BR\",\"@id\":\"https:\\\/\\\/skytour.com.ar\\\/pt-br\\\/escola-de-parapente-mendoza\\\/#primaryimage\",\"url\":\"https:\\\/\\\/skytour.com.ar\\\/wp-content\\\/uploads\\\/2022\\\/08\\\/IMG_5525-scaled.jpg\",\"contentUrl\":\"https:\\\/\\\/skytour.com.ar\\\/wp-content\\\/uploads\\\/2022\\\/08\\\/IMG_5525-scaled.jpg\"},{\"@type\":\"BreadcrumbList\",\"@id\":\"https:\\\/\\\/skytour.com.ar\\\/pt-br\\\/escola-de-parapente-mendoza\\\/#breadcrumb\",\"itemListElement\":[{\"@type\":\"ListItem\",\"position\":1,\"name\":\"Home\",\"item\":\"https:\\\/\\\/skytour.com.ar\\\/pt-br\\\/casa\\\/\"},{\"@type\":\"ListItem\",\"position\":2,\"name\":\"Escola de Parapente Mendoza\"}]},{\"@type\":\"WebSite\",\"@id\":\"https:\\\/\\\/skytour.com.ar\\\/pt-br\\\/#website\",\"url\":\"https:\\\/\\\/skytour.com.ar\\\/pt-br\\\/\",\"name\":\"Sky Tour - Parapente\",\"description\":\"Parapente em Mendoza\",\"publisher\":{\"@id\":\"https:\\\/\\\/skytour.com.ar\\\/pt-br\\\/#organization\"},\"potentialAction\":[{\"@type\":\"SearchAction\",\"target\":{\"@type\":\"EntryPoint\",\"urlTemplate\":\"https:\\\/\\\/skytour.com.ar\\\/pt-br\\\/?s={search_term_string}\"},\"query-input\":{\"@type\":\"PropertyValueSpecification\",\"valueRequired\":true,\"valueName\":\"search_term_string\"}}],\"inLanguage\":\"pt-BR\"},{\"@type\":\"Organization\",\"@id\":\"https:\\\/\\\/skytour.com.ar\\\/pt-br\\\/#organization\",\"name\":\"Sky Tour - Parapente Mendoza\",\"url\":\"https:\\\/\\\/skytour.com.ar\\\/pt-br\\\/\",\"logo\":{\"@type\":\"ImageObject\",\"inLanguage\":\"pt-BR\",\"@id\":\"https:\\\/\\\/skytour.com.ar\\\/pt-br\\\/#\\\/schema\\\/logo\\\/image\\\/\",\"url\":\"https:\\\/\\\/skytour.com.ar\\\/wp-content\\\/uploads\\\/2022\\\/06\\\/FC-1.jpg\",\"contentUrl\":\"https:\\\/\\\/skytour.com.ar\\\/wp-content\\\/uploads\\\/2022\\\/06\\\/FC-1.jpg\",\"width\":1389,\"height\":1389,\"caption\":\"Sky Tour - Parapente Mendoza\"},\"image\":{\"@id\":\"https:\\\/\\\/skytour.com.ar\\\/pt-br\\\/#\\\/schema\\\/logo\\\/image\\\/\"},\"sameAs\":[\"https:\\\/\\\/www.facebook.com\\\/skytour.com.ar\",\"https:\\\/\\\/www.instagram.com\\\/skytour_parapente_mendoza\\\/\"]}]}<\/script>\n<!-- \/ Yoast SEO Premium plugin. -->","yoast_head_json":{"title":"Escola de Parapente Mendoza - Sky Tour - Parapente","description":"Parapente en Mendoza","robots":{"index":"index","follow":"follow","max-snippet":"max-snippet:-1","max-image-preview":"max-image-preview:large","max-video-preview":"max-video-preview:-1"},"canonical":"https:\/\/skytour.com.ar\/pt-br\/escola-de-parapente-mendoza\/","og_locale":"pt_BR","og_type":"article","og_title":"Escola de Parapente Mendoza","og_description":"Parapente en Mendoza","og_url":"https:\/\/skytour.com.ar\/pt-br\/escola-de-parapente-mendoza\/","og_site_name":"Sky Tour - Parapente","article_publisher":"https:\/\/www.facebook.com\/skytour.com.ar","article_modified_time":"2026-01-21T16:38:15+00:00","og_image":[{"width":2560,"height":2560,"url":"https:\/\/skytour.com.ar\/wp-content\/uploads\/2022\/08\/IMG_5525-scaled.jpg","type":"image\/jpeg"}],"twitter_card":"summary_large_image","twitter_misc":{"Est. tempo de leitura":"5 minutos"},"schema":{"@context":"https:\/\/schema.org","@graph":[{"@type":"WebPage","@id":"https:\/\/skytour.com.ar\/pt-br\/escola-de-parapente-mendoza\/","url":"https:\/\/skytour.com.ar\/pt-br\/escola-de-parapente-mendoza\/","name":"Escola de Parapente Mendoza - Sky Tour - Parapente","isPartOf":{"@id":"https:\/\/skytour.com.ar\/pt-br\/#website"},"primaryImageOfPage":{"@id":"https:\/\/skytour.com.ar\/pt-br\/escola-de-parapente-mendoza\/#primaryimage"},"image":{"@id":"https:\/\/skytour.com.ar\/pt-br\/escola-de-parapente-mendoza\/#primaryimage"},"thumbnailUrl":"https:\/\/skytour.com.ar\/wp-content\/uploads\/2022\/08\/IMG_5525-scaled.jpg","datePublished":"2022-09-21T16:02:00+00:00","dateModified":"2026-01-21T16:38:15+00:00","description":"Parapente en Mendoza","breadcrumb":{"@id":"https:\/\/skytour.com.ar\/pt-br\/escola-de-parapente-mendoza\/#breadcrumb"},"inLanguage":"pt-BR","potentialAction":[{"@type":"ReadAction","target":["https:\/\/skytour.com.ar\/pt-br\/escola-de-parapente-mendoza\/"]}]},{"@type":"ImageObject","inLanguage":"pt-BR","@id":"https:\/\/skytour.com.ar\/pt-br\/escola-de-parapente-mendoza\/#primaryimage","url":"https:\/\/skytour.com.ar\/wp-content\/uploads\/2022\/08\/IMG_5525-scaled.jpg","contentUrl":"https:\/\/skytour.com.ar\/wp-content\/uploads\/2022\/08\/IMG_5525-scaled.jpg"},{"@type":"BreadcrumbList","@id":"https:\/\/skytour.com.ar\/pt-br\/escola-de-parapente-mendoza\/#breadcrumb","itemListElement":[{"@type":"ListItem","position":1,"name":"Home","item":"https:\/\/skytour.com.ar\/pt-br\/casa\/"},{"@type":"ListItem","position":2,"name":"Escola de Parapente Mendoza"}]},{"@type":"WebSite","@id":"https:\/\/skytour.com.ar\/pt-br\/#website","url":"https:\/\/skytour.com.ar\/pt-br\/","name":"Sky Tour - Parapente","description":"Parapente em Mendoza","publisher":{"@id":"https:\/\/skytour.com.ar\/pt-br\/#organization"},"potentialAction":[{"@type":"SearchAction","target":{"@type":"EntryPoint","urlTemplate":"https:\/\/skytour.com.ar\/pt-br\/?s={search_term_string}"},"query-input":{"@type":"PropertyValueSpecification","valueRequired":true,"valueName":"search_term_string"}}],"inLanguage":"pt-BR"},{"@type":"Organization","@id":"https:\/\/skytour.com.ar\/pt-br\/#organization","name":"Sky Tour - Parapente Mendoza","url":"https:\/\/skytour.com.ar\/pt-br\/","logo":{"@type":"ImageObject","inLanguage":"pt-BR","@id":"https:\/\/skytour.com.ar\/pt-br\/#\/schema\/logo\/image\/","url":"https:\/\/skytour.com.ar\/wp-content\/uploads\/2022\/06\/FC-1.jpg","contentUrl":"https:\/\/skytour.com.ar\/wp-content\/uploads\/2022\/06\/FC-1.jpg","width":1389,"height":1389,"caption":"Sky Tour - Parapente Mendoza"},"image":{"@id":"https:\/\/skytour.com.ar\/pt-br\/#\/schema\/logo\/image\/"},"sameAs":["https:\/\/www.facebook.com\/skytour.com.ar","https:\/\/www.instagram.com\/skytour_parapente_mendoza\/"]}]}},"_links":{"self":[{"href":"https:\/\/skytour.com.ar\/pt-br\/wp-json\/wp\/v2\/pages\/2590","targetHints":{"allow":["GET"]}}],"collection":[{"href":"https:\/\/skytour.com.ar\/pt-br\/wp-json\/wp\/v2\/pages"}],"about":[{"href":"https:\/\/skytour.com.ar\/pt-br\/wp-json\/wp\/v2\/types\/page"}],"author":[{"embeddable":true,"href":"https:\/\/skytour.com.ar\/pt-br\/wp-json\/wp\/v2\/users\/1"}],"replies":[{"embeddable":true,"href":"https:\/\/skytour.com.ar\/pt-br\/wp-json\/wp\/v2\/comments?post=2590"}],"version-history":[{"count":6,"href":"https:\/\/skytour.com.ar\/pt-br\/wp-json\/wp\/v2\/pages\/2590\/revisions"}],"predecessor-version":[{"id":7693,"href":"https:\/\/skytour.com.ar\/pt-br\/wp-json\/wp\/v2\/pages\/2590\/revisions\/7693"}],"wp:attachment":[{"href":"https:\/\/skytour.com.ar\/pt-br\/wp-json\/wp\/v2\/media?parent=2590"}],"curies":[{"name":"wp","href":"https:\/\/api.w.org\/{rel}","templated":true}]}}